{"id":59566,"date":"2020-09-01T14:34:31","date_gmt":"2020-09-01T17:34:31","guid":{"rendered":"https:\/\/riocarnavaltickets.com\/?page_id=59566"},"modified":"2025-11-07T12:13:22","modified_gmt":"2025-11-07T15:13:22","slug":"faq-carnaval-rio-de-janeiro","status":"publish","type":"page","link":"https:\/\/riocarnavaltickets.com\/fr\/faq-carnaval-rio-de-janeiro\/","title":{"rendered":"FAQ sur le Carnaval de Rio de Janeiro | Billets pour le Carnaval de Rio"},"content":{"rendered":"<div data-elementor-type=\"wp-page\" data-elementor-id=\"59566\" class=\"elementor elementor-59566\" data-elementor-post-type=\"page\">\n\t\t\t\t\t\t<section class=\"elementor-section elementor-top-section elementor-element elementor-element-a68b7c2 elementor-section-boxed elementor-section-height-default elementor-section-height-default\" data-id=\"a68b7c2\" data-element_type=\"section\" data-e-type=\"section\">\n\t\t\t\t\t\t<div class=\"elementor-container elementor-column-gap-default\">\n\t\t\t\t\t<div class=\"elementor-column elementor-col-100 elementor-top-column elementor-element elementor-element-01f79a3\" data-id=\"01f79a3\" data-element_type=\"column\" data-e-type=\"column\">\n\t\t\t<div class=\"elementor-widget-wrap elementor-element-populated\">\n\t\t\t\t\t\t<div class=\"elementor-element elementor-element-d30f234 elementor-widget elementor-widget-heading\" data-id=\"d30f234\" data-element_type=\"widget\" data-e-type=\"widget\" data-widget_type=\"heading.default\">\n\t\t\t\t<div class=\"elementor-widget-container\">\n\t\t\t\t\t<h1 class=\"elementor-heading-title elementor-size-default\">FAQ - Posez vos questions sur le Carnaval<br>de Rio de Janeiro<\/h1>\t\t\t\t<\/div>\n\t\t\t\t<\/div>\n\t\t\t\t\t<\/div>\n\t\t<\/div>\n\t\t\t\t\t<\/div>\n\t\t<\/section>\n\t\t\t\t<section class=\"elementor-section elementor-top-section elementor-element elementor-element-573ef27 elementor-section-boxed elementor-section-height-default elementor-section-height-default\" data-id=\"573ef27\" data-element_type=\"section\" data-e-type=\"section\">\n\t\t\t\t\t\t<div class=\"elementor-container elementor-column-gap-default\">\n\t\t\t\t\t<div class=\"elementor-column elementor-col-100 elementor-top-column elementor-element elementor-element-9b0ef35\" data-id=\"9b0ef35\" data-element_type=\"column\" data-e-type=\"column\">\n\t\t\t<div class=\"elementor-widget-wrap elementor-element-populated\">\n\t\t\t\t\t\t<div class=\"elementor-element elementor-element-5ba9aed elementor-widget elementor-widget-accordion\" data-id=\"5ba9aed\" data-element_type=\"widget\" data-e-type=\"widget\" data-widget_type=\"accordion.default\">\n\t\t\t\t<div class=\"elementor-widget-container\">\n\t\t\t\t\t\t\t<div class=\"elementor-accordion\">\n\t\t\t\t\t\t\t<div class=\"elementor-accordion-item\">\n\t\t\t\t\t<div id=\"elementor-tab-title-9611\" class=\"elementor-tab-title\" data-tab=\"1\" role=\"button\" aria-controls=\"elementor-tab-content-9611\" aria-expanded=\"false\">\n\t\t\t\t\t\t\t\t\t\t\t\t\t<span class=\"elementor-accordion-icon elementor-accordion-icon-left\" aria-hidden=\"true\">\n\t\t\t\t\t\t\t\t\t\t\t\t\t\t\t<span class=\"elementor-accordion-icon-closed\"><i class=\"fas fa-plus\"><\/i><\/span>\n\t\t\t\t\t\t\t\t<span class=\"elementor-accordion-icon-opened\"><i class=\"fas fa-minus\"><\/i><\/span>\n\t\t\t\t\t\t\t\t\t\t\t\t\t\t<\/span>\n\t\t\t\t\t\t\t\t\t\t\t\t<a class=\"elementor-accordion-title\" tabindex=\"0\">Quand aura lieu le Carnaval 2026 ?<\/a>\n\t\t\t\t\t<\/div>\n\t\t\t\t\t<div id=\"elementor-tab-content-9611\" class=\"elementor-tab-content elementor-clearfix\" data-tab=\"1\" role=\"region\" aria-labelledby=\"elementor-tab-title-9611\"><p>Le carnaval a lieu chaque ann\u00e9e, 40 jours avant P\u00e2ques, c&#039;est pourquoi chaque ann\u00e9e a des dates diff\u00e9rentes.<\/p><p>Les dates du d\u00e9fil\u00e9 des \u00e9coles de samba sont\u00a0: <span class=\"elementor-icon-list-text\">Grupo Acesso: 13 e 14 de Fevereiro, <\/span><span class=\"elementor-icon-list-text\">Grupo Especial: 15, 16 e 17 de Fevereiro, e <\/span><span class=\"elementor-icon-list-text\">Desfile das Campe\u00e3s 21 de Fevereiro.<\/span><\/p><\/div>\n\t\t\t\t<\/div>\n\t\t\t\t\t\t\t<div class=\"elementor-accordion-item\">\n\t\t\t\t\t<div id=\"elementor-tab-title-9612\" class=\"elementor-tab-title\" data-tab=\"2\" role=\"button\" aria-controls=\"elementor-tab-content-9612\" aria-expanded=\"false\">\n\t\t\t\t\t\t\t\t\t\t\t\t\t<span class=\"elementor-accordion-icon elementor-accordion-icon-left\" aria-hidden=\"true\">\n\t\t\t\t\t\t\t\t\t\t\t\t\t\t\t<span class=\"elementor-accordion-icon-closed\"><i class=\"fas fa-plus\"><\/i><\/span>\n\t\t\t\t\t\t\t\t<span class=\"elementor-accordion-icon-opened\"><i class=\"fas fa-minus\"><\/i><\/span>\n\t\t\t\t\t\t\t\t\t\t\t\t\t\t<\/span>\n\t\t\t\t\t\t\t\t\t\t\t\t<a class=\"elementor-accordion-title\" tabindex=\"0\">Pourquoi acheter avec Rio Carnaval Tickets ?<\/a>\n\t\t\t\t\t<\/div>\n\t\t\t\t\t<div id=\"elementor-tab-content-9612\" class=\"elementor-tab-content elementor-clearfix\" data-tab=\"2\" role=\"region\" aria-labelledby=\"elementor-tab-title-9612\"><p>Rio Carnaval Tickets est une soci\u00e9t\u00e9 du Grupo da <a href=\"http:\/\/rioalternativetour.com.br\/\">Visite alternative de Rio<\/a>, avec une r\u00e9putation sans tache, sur le march\u00e9 depuis plus de 15 ans.<br \/>Nous sommes un groupe sp\u00e9cialis\u00e9 dans le tourisme r\u00e9cepteur \u00e0 Rio de Janeiro.<br \/>Notre exp\u00e9rience en mati\u00e8re de service personnalis\u00e9 et attentionn\u00e9 nous a valu des milliers de clients satisfaits et nos amis.<br \/>Certifi\u00e9 par le Minist\u00e8re du Tourisme, par l&#039;interm\u00e9diaire de Cadastur et par ABAV RJ, Association br\u00e9silienne des agences de voyages.<br \/>Nos assistants sp\u00e9cialis\u00e9s interagissent avec vous via des canaux directs : WhatsApp, t\u00e9l\u00e9phone et e-mail.<br \/>Votre achat en ligne chez nous est s\u00e9curis\u00e9, notre site Web est prot\u00e9g\u00e9 par le certificat de s\u00e9curit\u00e9 Secure Socket Layer (SSL), une technologie de cryptage avanc\u00e9e, qui garantit la confidentialit\u00e9 et la s\u00e9curit\u00e9 des donn\u00e9es des clients dans toutes les transactions.<br \/>Sans aucun doute, \u00eatre notre client signifie vivre une exp\u00e9rience incroyable, positive et impressionnante.<\/p><\/div>\n\t\t\t\t<\/div>\n\t\t\t\t\t\t\t<div class=\"elementor-accordion-item\">\n\t\t\t\t\t<div id=\"elementor-tab-title-9613\" class=\"elementor-tab-title\" data-tab=\"3\" role=\"button\" aria-controls=\"elementor-tab-content-9613\" aria-expanded=\"false\">\n\t\t\t\t\t\t\t\t\t\t\t\t\t<span class=\"elementor-accordion-icon elementor-accordion-icon-left\" aria-hidden=\"true\">\n\t\t\t\t\t\t\t\t\t\t\t\t\t\t\t<span class=\"elementor-accordion-icon-closed\"><i class=\"fas fa-plus\"><\/i><\/span>\n\t\t\t\t\t\t\t\t<span class=\"elementor-accordion-icon-opened\"><i class=\"fas fa-minus\"><\/i><\/span>\n\t\t\t\t\t\t\t\t\t\t\t\t\t\t<\/span>\n\t\t\t\t\t\t\t\t\t\t\t\t<a class=\"elementor-accordion-title\" tabindex=\"0\">Quels sont nos modes de paiement ?<\/a>\n\t\t\t\t\t<\/div>\n\t\t\t\t\t<div id=\"elementor-tab-content-9613\" class=\"elementor-tab-content elementor-clearfix\" data-tab=\"3\" role=\"region\" aria-labelledby=\"elementor-tab-title-9613\"><p>Vous pourrez acheter en utilisant une carte de cr\u00e9dit, une carte de d\u00e9bit ou Pix. Toutes les options pour ne pas manquer ce grand spectacle !<\/p><\/div>\n\t\t\t\t<\/div>\n\t\t\t\t\t\t\t<div class=\"elementor-accordion-item\">\n\t\t\t\t\t<div id=\"elementor-tab-title-9614\" class=\"elementor-tab-title\" data-tab=\"4\" role=\"button\" aria-controls=\"elementor-tab-content-9614\" aria-expanded=\"false\">\n\t\t\t\t\t\t\t\t\t\t\t\t\t<span class=\"elementor-accordion-icon elementor-accordion-icon-left\" aria-hidden=\"true\">\n\t\t\t\t\t\t\t\t\t\t\t\t\t\t\t<span class=\"elementor-accordion-icon-closed\"><i class=\"fas fa-plus\"><\/i><\/span>\n\t\t\t\t\t\t\t\t<span class=\"elementor-accordion-icon-opened\"><i class=\"fas fa-minus\"><\/i><\/span>\n\t\t\t\t\t\t\t\t\t\t\t\t\t\t<\/span>\n\t\t\t\t\t\t\t\t\t\t\t\t<a class=\"elementor-accordion-title\" tabindex=\"0\">Quelle est la politique d&#039;annulation ?<\/a>\n\t\t\t\t\t<\/div>\n\t\t\t\t\t<div id=\"elementor-tab-content-9614\" class=\"elementor-tab-content elementor-clearfix\" data-tab=\"4\" role=\"region\" aria-labelledby=\"elementor-tab-title-9614\"><p>Uma vez adquiridos os bilhetes, os reembolsos n\u00e3o podem ser processados. Os ingressos s\u00e3o adquiridos pela Rio Carnaval Tickets por meio de carta de solicita\u00e7\u00e3o de uma ag\u00eancia cadastrada na ABAV (associa\u00e7\u00e3o brasileira de ag\u00eancia de viagens) do Rio de Janeiro sob demanda espec\u00edfica.<\/p><p>Servi\u00e7os acess\u00f3rios (como transporte e outros) tamb\u00e9m s\u00e3o contratados com anteced\u00eancia, e n\u00e3o \u00e9 poss\u00edvel realizar o cancelamento dos servi\u00e7os contratados, visto que o agendamento do ve\u00edculo e guias \u00e9 reservado no ato da compra.<\/p><\/div>\n\t\t\t\t<\/div>\n\t\t\t\t\t\t\t<div class=\"elementor-accordion-item\">\n\t\t\t\t\t<div id=\"elementor-tab-title-9615\" class=\"elementor-tab-title\" data-tab=\"5\" role=\"button\" aria-controls=\"elementor-tab-content-9615\" aria-expanded=\"false\">\n\t\t\t\t\t\t\t\t\t\t\t\t\t<span class=\"elementor-accordion-icon elementor-accordion-icon-left\" aria-hidden=\"true\">\n\t\t\t\t\t\t\t\t\t\t\t\t\t\t\t<span class=\"elementor-accordion-icon-closed\"><i class=\"fas fa-plus\"><\/i><\/span>\n\t\t\t\t\t\t\t\t<span class=\"elementor-accordion-icon-opened\"><i class=\"fas fa-minus\"><\/i><\/span>\n\t\t\t\t\t\t\t\t\t\t\t\t\t\t<\/span>\n\t\t\t\t\t\t\t\t\t\t\t\t<a class=\"elementor-accordion-title\" tabindex=\"0\">Comment se d\u00e9roule le d\u00e9fil\u00e9 du Carnaval ?<\/a>\n\t\t\t\t\t<\/div>\n\t\t\t\t\t<div id=\"elementor-tab-content-9615\" class=\"elementor-tab-content elementor-clearfix\" data-tab=\"5\" role=\"region\" aria-labelledby=\"elementor-tab-title-9615\"><p>Le d\u00e9fil\u00e9 des \u00e9coles de samba de Rio de Janeiro est le plus grand spectacle au monde et aussi une comp\u00e9tition entre \u00e9coles de samba.<br \/>Lors des soir\u00e9es Access Group (vendredi et samedi), 6 (six) \u00e9coles de samba se produisent par nuit.<br \/>Les nuits du Groupe Sp\u00e9cial (dimanche, lundi et mardi) sont des nuits magiques, car vous verrez les \u00e9coles de samba les plus traditionnelles, avec 4 \u00e9coles par nuit.<br \/>Le d\u00e9fil\u00e9 des champions est la pr\u00e9sentation des (six) meilleures \u00e9coles du groupe sp\u00e9cial plus le champion du groupe acc\u00e8s.<\/p><\/div>\n\t\t\t\t<\/div>\n\t\t\t\t\t\t\t<div class=\"elementor-accordion-item\">\n\t\t\t\t\t<div id=\"elementor-tab-title-9616\" class=\"elementor-tab-title\" data-tab=\"6\" role=\"button\" aria-controls=\"elementor-tab-content-9616\" aria-expanded=\"false\">\n\t\t\t\t\t\t\t\t\t\t\t\t\t<span class=\"elementor-accordion-icon elementor-accordion-icon-left\" aria-hidden=\"true\">\n\t\t\t\t\t\t\t\t\t\t\t\t\t\t\t<span class=\"elementor-accordion-icon-closed\"><i class=\"fas fa-plus\"><\/i><\/span>\n\t\t\t\t\t\t\t\t<span class=\"elementor-accordion-icon-opened\"><i class=\"fas fa-minus\"><\/i><\/span>\n\t\t\t\t\t\t\t\t\t\t\t\t\t\t<\/span>\n\t\t\t\t\t\t\t\t\t\t\t\t<a class=\"elementor-accordion-title\" tabindex=\"0\">Quel est le meilleur jour de d\u00e9fil\u00e9 ?<\/a>\n\t\t\t\t\t<\/div>\n\t\t\t\t\t<div id=\"elementor-tab-content-9616\" class=\"elementor-tab-content elementor-clearfix\" data-tab=\"6\" role=\"region\" aria-labelledby=\"elementor-tab-title-9616\"><p>Chaque jour est unique et inoubliable. La premi\u00e8re option est certainement de participer aux groupes sp\u00e9ciaux (du dimanche au mardi), qui sont les jours o\u00f9 se produisent les \u00e9coles les plus traditionnelles.<br \/>La Champions Parade est \u00e9galement une autre option si vous pr\u00e9f\u00e9rez regarder les six meilleures \u00e9coles de l\u2019ann\u00e9e.<br \/>Les d\u00e9fil\u00e9s de groupes sp\u00e9ciaux (vendredi et samedi) sont similaires en termes de qualit\u00e9 scolaire.<\/p><\/div>\n\t\t\t\t<\/div>\n\t\t\t\t\t\t\t<div class=\"elementor-accordion-item\">\n\t\t\t\t\t<div id=\"elementor-tab-title-9617\" class=\"elementor-tab-title\" data-tab=\"7\" role=\"button\" aria-controls=\"elementor-tab-content-9617\" aria-expanded=\"false\">\n\t\t\t\t\t\t\t\t\t\t\t\t\t<span class=\"elementor-accordion-icon elementor-accordion-icon-left\" aria-hidden=\"true\">\n\t\t\t\t\t\t\t\t\t\t\t\t\t\t\t<span class=\"elementor-accordion-icon-closed\"><i class=\"fas fa-plus\"><\/i><\/span>\n\t\t\t\t\t\t\t\t<span class=\"elementor-accordion-icon-opened\"><i class=\"fas fa-minus\"><\/i><\/span>\n\t\t\t\t\t\t\t\t\t\t\t\t\t\t<\/span>\n\t\t\t\t\t\t\t\t\t\t\t\t<a class=\"elementor-accordion-title\" tabindex=\"0\">Quelle est la diff\u00e9rence entre le Groupe Acc\u00e8s, le Groupe Sp\u00e9cial et la Parade des Champions ?<\/a>\n\t\t\t\t\t<\/div>\n\t\t\t\t\t<div id=\"elementor-tab-content-9617\" class=\"elementor-tab-content elementor-clearfix\" data-tab=\"7\" role=\"region\" aria-labelledby=\"elementor-tab-title-9617\"><p>Acc\u00e8s Groupe : Carnaval vendredi et samedi : Les billets sont nettement moins chers ces deux jours.<br \/>M\u00eame si les \u00e9coles travaillent avec un budget moindre, l\u2019enthousiasme et la beaut\u00e9 sont les m\u00eames.<br \/>Les meilleures \u00e9coles de Samba auront le grand privil\u00e8ge de participer au Groupe Sp\u00e9cial l&#039;ann\u00e9e prochaine.<br \/>Groupe sp\u00e9cial : dimanche, lundi et mardi<br \/>Ces jours-l\u00e0 sont consid\u00e9r\u00e9s comme les grands jours du d\u00e9fil\u00e9 du carnaval.<br \/>Les 14 meilleures \u00e9coles de samba de Rio de Janeiro pr\u00e9sentent toute leur cr\u00e9ativit\u00e9 et leurs nouveaut\u00e9s.<br \/>Ce sont les v\u00e9ritables nuits magiques du Sambadrome.<br \/>D\u00e9fil\u00e9 des champions :<br \/>Ce d\u00e9fil\u00e9 a lieu le premier samedi apr\u00e8s le carnaval.<br \/>Ce soir, les 6 (six) meilleures Ecoles du Groupe Sp\u00e9cial plus le Champion du Groupe Acc\u00e8s, r\u00e9it\u00e8rent leurs performances.<br \/>C&#039;est une soir\u00e9e extraordinaire, et pas les billets les plus chers, d&#039;un excellent rapport qualit\u00e9\/prix.<\/p><\/div>\n\t\t\t\t<\/div>\n\t\t\t\t\t\t\t<div class=\"elementor-accordion-item\">\n\t\t\t\t\t<div id=\"elementor-tab-title-9618\" class=\"elementor-tab-title\" data-tab=\"8\" role=\"button\" aria-controls=\"elementor-tab-content-9618\" aria-expanded=\"false\">\n\t\t\t\t\t\t\t\t\t\t\t\t\t<span class=\"elementor-accordion-icon elementor-accordion-icon-left\" aria-hidden=\"true\">\n\t\t\t\t\t\t\t\t\t\t\t\t\t\t\t<span class=\"elementor-accordion-icon-closed\"><i class=\"fas fa-plus\"><\/i><\/span>\n\t\t\t\t\t\t\t\t<span class=\"elementor-accordion-icon-opened\"><i class=\"fas fa-minus\"><\/i><\/span>\n\t\t\t\t\t\t\t\t\t\t\t\t\t\t<\/span>\n\t\t\t\t\t\t\t\t\t\t\t\t<a class=\"elementor-accordion-title\" tabindex=\"0\"> Comment choisir l&#039;\u00e9cole de samba gagnante du d\u00e9fil\u00e9 du carnaval de Rio ?<\/a>\n\t\t\t\t\t<\/div>\n\t\t\t\t\t<div id=\"elementor-tab-content-9618\" class=\"elementor-tab-content elementor-clearfix\" data-tab=\"8\" role=\"region\" aria-labelledby=\"elementor-tab-title-9618\"><p>Le calcul des scores des \u00e9coles de samba du Groupe Sp\u00e9cial est effectu\u00e9 le mercredi apr\u00e8s les d\u00e9fil\u00e9s ; le champion est d\u00e9clar\u00e9 et la derni\u00e8re \u00e9quipe class\u00e9e est rel\u00e9gu\u00e9e au groupe Access (\u00e9galement appel\u00e9 s\u00e9rie A).<\/p><p>Les six \u00e9quipes les mieux class\u00e9es reviennent \u00e0 Marqu\u00eas de Sapuca\u00ed le samedi suivant pour le d\u00e9fil\u00e9 des champions.<\/p><p>Pour choisir les meilleures \u00e9coles, les juges prennent en compte la samba, le couple portant le drapeau, les tambours (instruments \u00e0 percussion), l&#039;aile des baianas, la ponctualit\u00e9, le comit\u00e9 d&#039;accueil, les costumes et les chars.<\/p><\/div>\n\t\t\t\t<\/div>\n\t\t\t\t\t\t\t<div class=\"elementor-accordion-item\">\n\t\t\t\t\t<div id=\"elementor-tab-title-9619\" class=\"elementor-tab-title\" data-tab=\"9\" role=\"button\" aria-controls=\"elementor-tab-content-9619\" aria-expanded=\"false\">\n\t\t\t\t\t\t\t\t\t\t\t\t\t<span class=\"elementor-accordion-icon elementor-accordion-icon-left\" aria-hidden=\"true\">\n\t\t\t\t\t\t\t\t\t\t\t\t\t\t\t<span class=\"elementor-accordion-icon-closed\"><i class=\"fas fa-plus\"><\/i><\/span>\n\t\t\t\t\t\t\t\t<span class=\"elementor-accordion-icon-opened\"><i class=\"fas fa-minus\"><\/i><\/span>\n\t\t\t\t\t\t\t\t\t\t\t\t\t\t<\/span>\n\t\t\t\t\t\t\t\t\t\t\t\t<a class=\"elementor-accordion-title\" tabindex=\"0\">Qui choisit le gagnant ?<\/a>\n\t\t\t\t\t<\/div>\n\t\t\t\t\t<div id=\"elementor-tab-content-9619\" class=\"elementor-tab-content elementor-clearfix\" data-tab=\"9\" role=\"region\" aria-labelledby=\"elementor-tab-title-9619\"><p>Les juges sont des personnalit\u00e9s jouissant d&#039;une grande r\u00e9putation dans le monde de la samba et du spectacle. Avec un \u0153il clinique, ils observent chaque d\u00e9tail pour choisir la meilleure performance.<\/p><\/div>\n\t\t\t\t<\/div>\n\t\t\t\t\t\t\t<div class=\"elementor-accordion-item\">\n\t\t\t\t\t<div id=\"elementor-tab-title-96110\" class=\"elementor-tab-title\" data-tab=\"10\" role=\"button\" aria-controls=\"elementor-tab-content-96110\" aria-expanded=\"false\">\n\t\t\t\t\t\t\t\t\t\t\t\t\t<span class=\"elementor-accordion-icon elementor-accordion-icon-left\" aria-hidden=\"true\">\n\t\t\t\t\t\t\t\t\t\t\t\t\t\t\t<span class=\"elementor-accordion-icon-closed\"><i class=\"fas fa-plus\"><\/i><\/span>\n\t\t\t\t\t\t\t\t<span class=\"elementor-accordion-icon-opened\"><i class=\"fas fa-minus\"><\/i><\/span>\n\t\t\t\t\t\t\t\t\t\t\t\t\t\t<\/span>\n\t\t\t\t\t\t\t\t\t\t\t\t<a class=\"elementor-accordion-title\" tabindex=\"0\">L&#039;\u00e9v\u00e9nement est-il suspendu en cas de pluie ? Puis-je apporter un parapluie ?<\/a>\n\t\t\t\t\t<\/div>\n\t\t\t\t\t<div id=\"elementor-tab-content-96110\" class=\"elementor-tab-content elementor-clearfix\" data-tab=\"10\" role=\"region\" aria-labelledby=\"elementor-tab-title-96110\"><p>O evento n\u00e3o se suspende, acontece independentemente das condi\u00e7\u00f5es clim\u00e1ticas. Os guarda-chuvas n\u00e3o s\u00e3o permitidos dentro do est\u00e1dio para n\u00e3o prejudicar a vis\u00e3o dos espectadores. Para se proteger das chuvas orientamos levar uma capa de chuva.<\/p><\/div>\n\t\t\t\t<\/div>\n\t\t\t\t\t\t\t<div class=\"elementor-accordion-item\">\n\t\t\t\t\t<div id=\"elementor-tab-title-96111\" class=\"elementor-tab-title\" data-tab=\"11\" role=\"button\" aria-controls=\"elementor-tab-content-96111\" aria-expanded=\"false\">\n\t\t\t\t\t\t\t\t\t\t\t\t\t<span class=\"elementor-accordion-icon elementor-accordion-icon-left\" aria-hidden=\"true\">\n\t\t\t\t\t\t\t\t\t\t\t\t\t\t\t<span class=\"elementor-accordion-icon-closed\"><i class=\"fas fa-plus\"><\/i><\/span>\n\t\t\t\t\t\t\t\t<span class=\"elementor-accordion-icon-opened\"><i class=\"fas fa-minus\"><\/i><\/span>\n\t\t\t\t\t\t\t\t\t\t\t\t\t\t<\/span>\n\t\t\t\t\t\t\t\t\t\t\t\t<a class=\"elementor-accordion-title\" tabindex=\"0\">Quel est l\u2019\u00e2ge minimum autoris\u00e9 pour que les enfants puissent assister aux d\u00e9fil\u00e9s ?<\/a>\n\t\t\t\t\t<\/div>\n\t\t\t\t\t<div id=\"elementor-tab-content-96111\" class=\"elementor-tab-content elementor-clearfix\" data-tab=\"11\" role=\"region\" aria-labelledby=\"elementor-tab-title-96111\"><p>5 ans est l&#039;\u00e2ge minimum pour assister au d\u00e9fil\u00e9 des \u00e9coles de samba.<\/p><\/div>\n\t\t\t\t<\/div>\n\t\t\t\t\t\t\t<div class=\"elementor-accordion-item\">\n\t\t\t\t\t<div id=\"elementor-tab-title-96112\" class=\"elementor-tab-title\" data-tab=\"12\" role=\"button\" aria-controls=\"elementor-tab-content-96112\" aria-expanded=\"false\">\n\t\t\t\t\t\t\t\t\t\t\t\t\t<span class=\"elementor-accordion-icon elementor-accordion-icon-left\" aria-hidden=\"true\">\n\t\t\t\t\t\t\t\t\t\t\t\t\t\t\t<span class=\"elementor-accordion-icon-closed\"><i class=\"fas fa-plus\"><\/i><\/span>\n\t\t\t\t\t\t\t\t<span class=\"elementor-accordion-icon-opened\"><i class=\"fas fa-minus\"><\/i><\/span>\n\t\t\t\t\t\t\t\t\t\t\t\t\t\t<\/span>\n\t\t\t\t\t\t\t\t\t\t\t\t<a class=\"elementor-accordion-title\" tabindex=\"0\">Puis-je d\u00e9filer dans une \u00e9cole de samba ?<\/a>\n\t\t\t\t\t<\/div>\n\t\t\t\t\t<div id=\"elementor-tab-content-96112\" class=\"elementor-tab-content elementor-clearfix\" data-tab=\"12\" role=\"region\" aria-labelledby=\"elementor-tab-title-96112\"><p>Oui, notre soci\u00e9t\u00e9, Rio Carnaval Tickets, peut faire de votre r\u00eave de d\u00e9filer au Sambadrome une r\u00e9alit\u00e9.<\/p><p>Nous avons des costumes pour le Groupe Acc\u00e8s et le Groupe Sp\u00e9cial et des forfaits avec et sans transfert au Sambadrome.<\/p><p>Visitez notre site Web :\u00a0<a href=\"https:\/\/riocarnavaltickets.com\/fr\/fantasias-de-carnaval-do-rio-de-janeiro\/\">D\u00c9GUISEMENT<\/a><\/p><\/div>\n\t\t\t\t<\/div>\n\t\t\t\t\t\t\t<div class=\"elementor-accordion-item\">\n\t\t\t\t\t<div id=\"elementor-tab-title-96113\" class=\"elementor-tab-title\" data-tab=\"13\" role=\"button\" aria-controls=\"elementor-tab-content-96113\" aria-expanded=\"false\">\n\t\t\t\t\t\t\t\t\t\t\t\t\t<span class=\"elementor-accordion-icon elementor-accordion-icon-left\" aria-hidden=\"true\">\n\t\t\t\t\t\t\t\t\t\t\t\t\t\t\t<span class=\"elementor-accordion-icon-closed\"><i class=\"fas fa-plus\"><\/i><\/span>\n\t\t\t\t\t\t\t\t<span class=\"elementor-accordion-icon-opened\"><i class=\"fas fa-minus\"><\/i><\/span>\n\t\t\t\t\t\t\t\t\t\t\t\t\t\t<\/span>\n\t\t\t\t\t\t\t\t\t\t\t\t<a class=\"elementor-accordion-title\" tabindex=\"0\">\u00c0 quelle heure dois-je arriver au Sambadrome ?<\/a>\n\t\t\t\t\t<\/div>\n\t\t\t\t\t<div id=\"elementor-tab-content-96113\" class=\"elementor-tab-content elementor-clearfix\" data-tab=\"13\" role=\"region\" aria-labelledby=\"elementor-tab-title-96113\"><p>L&#039;heure d&#039;arriv\u00e9e d\u00e9pend du billet que vous choisissez.<br \/>Le sambadrome ouvre ses portes \u00e0 19h.<br \/>Les billets num\u00e9rot\u00e9s peuvent arriver \u00e0 tout moment car votre place sera r\u00e9serv\u00e9e.<br \/>Si vous choisissez un stand non num\u00e9rot\u00e9, il est important d&#039;arriver avant 20h pour garantir une bonne place.<\/p><\/div>\n\t\t\t\t<\/div>\n\t\t\t\t\t\t\t<div class=\"elementor-accordion-item\">\n\t\t\t\t\t<div id=\"elementor-tab-title-96114\" class=\"elementor-tab-title\" data-tab=\"14\" role=\"button\" aria-controls=\"elementor-tab-content-96114\" aria-expanded=\"false\">\n\t\t\t\t\t\t\t\t\t\t\t\t\t<span class=\"elementor-accordion-icon elementor-accordion-icon-left\" aria-hidden=\"true\">\n\t\t\t\t\t\t\t\t\t\t\t\t\t\t\t<span class=\"elementor-accordion-icon-closed\"><i class=\"fas fa-plus\"><\/i><\/span>\n\t\t\t\t\t\t\t\t<span class=\"elementor-accordion-icon-opened\"><i class=\"fas fa-minus\"><\/i><\/span>\n\t\t\t\t\t\t\t\t\t\t\t\t\t\t<\/span>\n\t\t\t\t\t\t\t\t\t\t\t\t<a class=\"elementor-accordion-title\" tabindex=\"0\">Combien de temps dure le d\u00e9fil\u00e9 du carnaval ?<\/a>\n\t\t\t\t\t<\/div>\n\t\t\t\t\t<div id=\"elementor-tab-content-96114\" class=\"elementor-tab-content elementor-clearfix\" data-tab=\"14\" role=\"region\" aria-labelledby=\"elementor-tab-title-96114\"><p>Chaque soir, 4 \u00e0 6 \u00e9coles de Samba se produisent. Chaque repr\u00e9sentation a une dur\u00e9e minimale de 65 minutes et maximale de 75 minutes.<br \/>La dur\u00e9e totale de l&#039;\u00e9v\u00e9nement est comprise entre 7 et 8 heures.<\/p><\/div>\n\t\t\t\t<\/div>\n\t\t\t\t\t\t\t<div class=\"elementor-accordion-item\">\n\t\t\t\t\t<div id=\"elementor-tab-title-96115\" class=\"elementor-tab-title\" data-tab=\"15\" role=\"button\" aria-controls=\"elementor-tab-content-96115\" aria-expanded=\"false\">\n\t\t\t\t\t\t\t\t\t\t\t\t\t<span class=\"elementor-accordion-icon elementor-accordion-icon-left\" aria-hidden=\"true\">\n\t\t\t\t\t\t\t\t\t\t\t\t\t\t\t<span class=\"elementor-accordion-icon-closed\"><i class=\"fas fa-plus\"><\/i><\/span>\n\t\t\t\t\t\t\t\t<span class=\"elementor-accordion-icon-opened\"><i class=\"fas fa-minus\"><\/i><\/span>\n\t\t\t\t\t\t\t\t\t\t\t\t\t\t<\/span>\n\t\t\t\t\t\t\t\t\t\t\t\t<a class=\"elementor-accordion-title\" tabindex=\"0\">Puis-je apporter de la nourriture, des boissons et d&#039;autres articles au Sambadrome ?<\/a>\n\t\t\t\t\t<\/div>\n\t\t\t\t\t<div id=\"elementor-tab-content-96115\" class=\"elementor-tab-content elementor-clearfix\" data-tab=\"15\" role=\"region\" aria-labelledby=\"elementor-tab-title-96115\"><p>Oui, vous \u00eates autoris\u00e9 \u00e0 apporter de la nourriture et des boissons. Vous pouvez emporter jusqu&#039;\u00e0 02 (deux) r\u00e9cipients en plastique de 500 ml avec une boisson (eau, jus, boisson gazeuse ou bi\u00e8re) et jusqu&#039;\u00e0 02 (deux) produits alimentaires (fruits, snack ou sandwich). Le polystyr\u00e8ne, les bouteilles en verre, les canettes en aluminium, les sacs, les armes, les objets tranchants, les feux d&#039;artifice et les fus\u00e9es \u00e9clairantes sont interdits.<br \/>Au sambadrome, vous aurez la possibilit\u00e9 d&#039;acheter de la nourriture et des boissons \u00e0 un prix \u00e9quitable.<\/p><\/div>\n\t\t\t\t<\/div>\n\t\t\t\t\t\t\t<div class=\"elementor-accordion-item\">\n\t\t\t\t\t<div id=\"elementor-tab-title-96116\" class=\"elementor-tab-title\" data-tab=\"16\" role=\"button\" aria-controls=\"elementor-tab-content-96116\" aria-expanded=\"false\">\n\t\t\t\t\t\t\t\t\t\t\t\t\t<span class=\"elementor-accordion-icon elementor-accordion-icon-left\" aria-hidden=\"true\">\n\t\t\t\t\t\t\t\t\t\t\t\t\t\t\t<span class=\"elementor-accordion-icon-closed\"><i class=\"fas fa-plus\"><\/i><\/span>\n\t\t\t\t\t\t\t\t<span class=\"elementor-accordion-icon-opened\"><i class=\"fas fa-minus\"><\/i><\/span>\n\t\t\t\t\t\t\t\t\t\t\t\t\t\t<\/span>\n\t\t\t\t\t\t\t\t\t\t\t\t<a class=\"elementor-accordion-title\" tabindex=\"0\">Le Sambadrome est-il s\u00fbr ?<\/a>\n\t\t\t\t\t<\/div>\n\t\t\t\t\t<div id=\"elementor-tab-content-96116\" class=\"elementor-tab-content elementor-clearfix\" data-tab=\"16\" role=\"region\" aria-labelledby=\"elementor-tab-title-96116\"><p>Compl\u00e8tement s\u00fbr. En plus d&#039;une ambiance familiale, le sambadrome dispose d&#039;une s\u00e9curit\u00e9 priv\u00e9e \u00e0 l&#039;int\u00e9rieur et d&#039;une grande s\u00e9curit\u00e9 publique dans la rue et ses alentours.<\/p><\/div>\n\t\t\t\t<\/div>\n\t\t\t\t\t\t\t<div class=\"elementor-accordion-item\">\n\t\t\t\t\t<div id=\"elementor-tab-title-96117\" class=\"elementor-tab-title\" data-tab=\"17\" role=\"button\" aria-controls=\"elementor-tab-content-96117\" aria-expanded=\"false\">\n\t\t\t\t\t\t\t\t\t\t\t\t\t<span class=\"elementor-accordion-icon elementor-accordion-icon-left\" aria-hidden=\"true\">\n\t\t\t\t\t\t\t\t\t\t\t\t\t\t\t<span class=\"elementor-accordion-icon-closed\"><i class=\"fas fa-plus\"><\/i><\/span>\n\t\t\t\t\t\t\t\t<span class=\"elementor-accordion-icon-opened\"><i class=\"fas fa-minus\"><\/i><\/span>\n\t\t\t\t\t\t\t\t\t\t\t\t\t\t<\/span>\n\t\t\t\t\t\t\t\t\t\t\t\t<a class=\"elementor-accordion-title\" tabindex=\"0\">Comment aller au Sambadrome ?<\/a>\n\t\t\t\t\t<\/div>\n\t\t\t\t\t<div id=\"elementor-tab-content-96117\" class=\"elementor-tab-content elementor-clearfix\" data-tab=\"17\" role=\"region\" aria-labelledby=\"elementor-tab-title-96117\"><p>C&#039;est l&#039;une des questions les plus fr\u00e9quemment pos\u00e9es par tous ceux qui visitent Rio de Janeiro pendant le carnaval. Il existe diff\u00e9rentes mani\u00e8res de se rendre au sambadrome.<\/p><ul><li><strong>Service de navette<\/strong>: A melhor op\u00e7\u00e3o, mais segura e confort\u00e1vel \u00e9 utilizar o servi\u00e7o de translado ida e volta que n\u00f3s da Rio Carnaval Tickets oferecemos. Buscamos em mais de 100 hot\u00e9is no Rio de Janeiro e no Pier Mau\u00e1.\u00a0 Estar\u00e1 acompanhado por um guia de turismo, proporcionando comodidade, informa\u00e7\u00f5es e seguran\u00e7a. Voc\u00ea pode fazer a reserva em nosso site.<\/li><li style=\"font-size: 14px;\"><span style=\"font-size: 14px; font-weight: bold;\">M\u00e9tro<\/span>:\u00a0<span style=\"font-size: 14px; font-style: normal; font-weight: 400;\">Le sambadrome a deux c\u00f4t\u00e9s, Even Side et Odd Side, que nous appelons secteurs. Si votre billet est du c\u00f4t\u00e9 impair, descendez \u00e0\u00a0<\/span>Station Central do Brasil et marchez 15 minutes jusqu&#039;au Sambadrome. Si votre billet est pair, descendez \u00e0 la station Pra\u00e7a 11 et marchez pendant 8 minutes jusqu&#039;au Sambadrome.<\/li><li><strong>Taxi<\/strong>: Il existe deux compagnies de taxi officielles qui peuvent vous emmener au Sambadrome. Une entreprise dessert les secteurs pairs et l\u2019autre les secteurs impairs. C\u00f4t\u00e9 pair : Coopatur T\u00e9l : (21) 2573-1009 \/ 3885-1000 C\u00f4t\u00e9 impair : Coopertramo t\u00e9l : (21) 2209-9292 \/ WhatsApp +55 21 98008-0055 \/ radiocoopertramo@gmail.com<\/li><\/ul><\/div>\n\t\t\t\t<\/div>\n\t\t\t\t\t\t\t<div class=\"elementor-accordion-item\">\n\t\t\t\t\t<div id=\"elementor-tab-title-96118\" class=\"elementor-tab-title\" data-tab=\"18\" role=\"button\" aria-controls=\"elementor-tab-content-96118\" aria-expanded=\"false\">\n\t\t\t\t\t\t\t\t\t\t\t\t\t<span class=\"elementor-accordion-icon elementor-accordion-icon-left\" aria-hidden=\"true\">\n\t\t\t\t\t\t\t\t\t\t\t\t\t\t\t<span class=\"elementor-accordion-icon-closed\"><i class=\"fas fa-plus\"><\/i><\/span>\n\t\t\t\t\t\t\t\t<span class=\"elementor-accordion-icon-opened\"><i class=\"fas fa-minus\"><\/i><\/span>\n\t\t\t\t\t\t\t\t\t\t\t\t\t\t<\/span>\n\t\t\t\t\t\t\t\t\t\t\t\t<a class=\"elementor-accordion-title\" tabindex=\"0\">Puis-je aller d\u00e9guis\u00e9 au Sambadrome ?<\/a>\n\t\t\t\t\t<\/div>\n\t\t\t\t\t<div id=\"elementor-tab-content-96118\" class=\"elementor-tab-content elementor-clearfix\" data-tab=\"18\" role=\"region\" aria-labelledby=\"elementor-tab-title-96118\"><p>Oui, le carnaval est une f\u00eate joyeuse et vous pouvez y aller en costume ou avec les v\u00eatements de votre choix.<\/p><\/div>\n\t\t\t\t<\/div>\n\t\t\t\t\t\t\t<div class=\"elementor-accordion-item\">\n\t\t\t\t\t<div id=\"elementor-tab-title-96119\" class=\"elementor-tab-title\" data-tab=\"19\" role=\"button\" aria-controls=\"elementor-tab-content-96119\" aria-expanded=\"false\">\n\t\t\t\t\t\t\t\t\t\t\t\t\t<span class=\"elementor-accordion-icon elementor-accordion-icon-left\" aria-hidden=\"true\">\n\t\t\t\t\t\t\t\t\t\t\t\t\t\t\t<span class=\"elementor-accordion-icon-closed\"><i class=\"fas fa-plus\"><\/i><\/span>\n\t\t\t\t\t\t\t\t<span class=\"elementor-accordion-icon-opened\"><i class=\"fas fa-minus\"><\/i><\/span>\n\t\t\t\t\t\t\t\t\t\t\t\t\t\t<\/span>\n\t\t\t\t\t\t\t\t\t\t\t\t<a class=\"elementor-accordion-title\" tabindex=\"0\">Quelle est la meilleure tenue \u00e0 porter au Sambadrome ?<\/a>\n\t\t\t\t\t<\/div>\n\t\t\t\t\t<div id=\"elementor-tab-content-96119\" class=\"elementor-tab-content elementor-clearfix\" data-tab=\"19\" role=\"region\" aria-labelledby=\"elementor-tab-title-96119\"><p>Il faut \u00eatre \u00e0 l&#039;aise et en cas de pluie, prendre un imperm\u00e9able.<\/p><\/div>\n\t\t\t\t<\/div>\n\t\t\t\t\t\t\t\t<\/div>\n\t\t\t\t\t\t<\/div>\n\t\t\t\t<\/div>\n\t\t\t\t\t<\/div>\n\t\t<\/div>\n\t\t\t\t\t<\/div>\n\t\t<\/section>\n\t\t\t\t<\/div>","protected":false},"excerpt":{"rendered":"<p>FAQ &#8211; Tire suas d\u00favidas sobre o Carnavaldo Rio de Janeiro Quando ser\u00e1 o Carnaval 2026? O carnaval acontece todos os anos, 40 dias antes da P\u00e1scoa, por esse motivo cada ano tem datas diferentes. As datas do Desfile das Escolas de Samba s\u00e3o: Grupo Acesso: 13 e 14 de Fevereiro, Grupo Especial: 15, 16 [&hellip;]<\/p>\n","protected":false},"author":6,"featured_media":0,"parent":0,"menu_order":0,"comment_status":"closed","ping_status":"closed","template":"","meta":{"site-sidebar-layout":"default","site-content-layout":"default","ast-site-content-layout":"default","site-content-style":"default","site-sidebar-style":"default","ast-global-header-display":"","ast-banner-title-visibility":"","ast-main-header-display":"","ast-hfb-above-header-display":"","ast-hfb-below-header-display":"","ast-hfb-mobile-header-display":"","site-post-title":"disabled","ast-breadcrumbs-content":"","ast-featured-img":"","footer-sml-layout":"","ast-disable-related-posts":"","theme-transparent-header-meta":"default","adv-header-id-meta":"","stick-header-meta":"default","header-above-stick-meta":"","header-main-stick-meta":"","header-below-stick-meta":"","astra-migrate-meta-layouts":"default","ast-page-background-enabled":"default","ast-page-background-meta":{"desktop":{"background-color":"","background-image":"","background-repeat":"repeat","background-position":"center center","background-size":"auto","background-attachment":"scroll","background-type":"","background-media":"","overlay-type":"","overlay-color":"","overlay-opacity":"","overlay-gradient":""},"tablet":{"background-color":"","background-image":"","background-repeat":"repeat","background-position":"center center","background-size":"auto","background-attachment":"scroll","background-type":"","background-media":"","overlay-type":"","overlay-color":"","overlay-opacity":"","overlay-gradient":""},"mobile":{"background-color":"","background-image":"","background-repeat":"repeat","background-position":"center center","background-size":"auto","background-attachment":"scroll","background-type":"","background-media":"","overlay-type":"","overlay-color":"","overlay-opacity":"","overlay-gradient":""}},"ast-content-background-meta":{"desktop":{"background-color":"var(--ast-global-color-5)","background-image":"","background-repeat":"repeat","background-position":"center center","background-size":"auto","background-attachment":"scroll","background-type":"","background-media":"","overlay-type":"","overlay-color":"","overlay-opacity":"","overlay-gradient":""},"tablet":{"background-color":"var(--ast-global-color-5)","background-image":"","background-repeat":"repeat","background-position":"center center","background-size":"auto","background-attachment":"scroll","background-type":"","background-media":"","overlay-type":"","overlay-color":"","overlay-opacity":"","overlay-gradient":""},"mobile":{"background-color":"var(--ast-global-color-5)","background-image":"","background-repeat":"repeat","background-position":"center center","background-size":"auto","background-attachment":"scroll","background-type":"","background-media":"","overlay-type":"","overlay-color":"","overlay-opacity":"","overlay-gradient":""}},"footnotes":""},"class_list":["post-59566","page","type-page","status-publish","hentry"],"_links":{"self":[{"href":"https:\/\/riocarnavaltickets.com\/fr\/wp-json\/wp\/v2\/pages\/59566","targetHints":{"allow":["GET"]}}],"collection":[{"href":"https:\/\/riocarnavaltickets.com\/fr\/wp-json\/wp\/v2\/pages"}],"about":[{"href":"https:\/\/riocarnavaltickets.com\/fr\/wp-json\/wp\/v2\/types\/page"}],"author":[{"embeddable":true,"href":"https:\/\/riocarnavaltickets.com\/fr\/wp-json\/wp\/v2\/users\/6"}],"replies":[{"embeddable":true,"href":"https:\/\/riocarnavaltickets.com\/fr\/wp-json\/wp\/v2\/comments?post=59566"}],"version-history":[{"count":0,"href":"https:\/\/riocarnavaltickets.com\/fr\/wp-json\/wp\/v2\/pages\/59566\/revisions"}],"wp:attachment":[{"href":"https:\/\/riocarnavaltickets.com\/fr\/wp-json\/wp\/v2\/media?parent=59566"}],"curies":[{"name":"wp","href":"https:\/\/api.w.org\/{rel}","templated":true}]}}